{"id":11053,"date":"2026-05-01T09:35:31","date_gmt":"2026-05-01T09:35:31","guid":{"rendered":"https:\/\/conaculsecuiesc.ro\/?page_id=11053"},"modified":"2026-05-01T09:39:15","modified_gmt":"2026-05-01T09:39:15","slug":"politica-pentru-fotografii","status":"publish","type":"page","link":"https:\/\/conaculsecuiesc.ro\/hu\/politica-pentru-fotografii\/","title":{"rendered":"Fot\u00f3politika"},"content":{"rendered":"<div data-elementor-type=\"wp-post\" data-elementor-id=\"11053\" class=\"elementor elementor-11053\" data-elementor-post-type=\"page\">\n\t\t\t\t<div class=\"elementor-element elementor-element-6573dd6b e-flex e-con-boxed e-con e-parent\" data-id=\"6573dd6b\" data-element_type=\"container\" data-e-type=\"container\">\n\t\t\t\t\t<div class=\"e-con-inner\">\n\t\t\t\t<div class=\"elementor-element elementor-element-3b1d5ae7 elementor-widget elementor-widget-text-editor\" data-id=\"3b1d5ae7\" data-element_type=\"widget\" data-e-type=\"widget\" data-widget_type=\"text-editor.default\">\n\t\t\t\t<div class=\"elementor-widget-container\">\n\t\t\t\t\t\t\t\t\t<h2 data-section-id=\"1mky05\" data-start=\"202\" data-end=\"260\">A k\u00e9pek k\u00e9sz\u00edt\u00e9s\u00e9re \u00e9s felhaszn\u00e1l\u00e1s\u00e1ra vonatkoz\u00f3 politika<\/h2><p data-start=\"262\" data-end=\"416\">Prom\u00f3ci\u00f3s c\u00e9lokra (pl. Instagram, Facebook, weboldal vagy m\u00e1s nyilv\u00e1nos anyagok) fot\u00f3k \u00e9s vide\u00f3k k\u00e9sz\u00edthet\u0151k a helysz\u00edn\u00fcnk\u00f6n.<\/p><p data-start=\"418\" data-end=\"561\">Azzal, hogy az \u00fcgyfelek a helysz\u00ednen vannak, hallgat\u00f3lagos beleegyez\u00e9s\u00fcket adj\u00e1k ahhoz, hogy megjelenjenek az ilyen anyagokban, amelyek meg\u00f6r\u00f6k\u00edtik az \u00e1ltal\u00e1nos hangulatot.<\/p><p data-start=\"563\" data-end=\"683\">Fenntartjuk a jogot, hogy k\u00e9peket k\u00e9sz\u00edts\u00fcnk \u00e9s tegy\u00fcnk k\u00f6zz\u00e9 a helysz\u00ednr\u0151l, bele\u00e9rtve azokat a k\u00e9peket is, amelyeken emberek l\u00e1that\u00f3k a helysz\u00ednen.<\/p><h3 data-section-id=\"19ezd8g\" data-start=\"685\" data-end=\"707\">Visszautas\u00edt\u00e1si jog<\/h3><p data-start=\"709\" data-end=\"791\">K\u00e9rj\u00fck, tudassa vel\u00fcnk, ha nem szeretne szerepelni a f\u00e9nyk\u00e9peken vagy vide\u00f3kon:<\/p><ul data-start=\"792\" data-end=\"851\"><li data-section-id=\"v02you\" data-start=\"792\" data-end=\"813\">a recepci\u00f3n<br data-start=\"805\" data-end=\"808\" \/>vagy<\/li><li data-section-id=\"qaj1ka\" data-start=\"814\" data-end=\"851\">e-mailben a office@conaculsecuiesc.ro c\u00edm\u00fcnkre.<\/li><\/ul><p data-start=\"853\" data-end=\"946\">Teljes\u00edteni fogjuk k\u00e9r\u00e9s\u00e9t, \u00e9s elker\u00fclj\u00fck, hogy \u00d6nt b\u00e1rmilyen nyilv\u00e1nos anyagban szerepeltess\u00fck.<\/p>\t\t\t\t\t\t\t\t<\/div>\n\t\t\t\t<\/div>\n\t\t\t\t\t<\/div>\n\t\t\t\t<\/div>\n\t\t\t\t<\/div>","protected":false},"excerpt":{"rendered":"<p>Politic\u0103 privind realizarea \u0219i utilizarea imaginilor \u00cen cadrul loca\u021biei noastre pot fi realizate fotografii \u0219i videoclipuri \u00een scop de promovare (ex: Instagram, Facebook, website sau alte materiale publice). Prin prezen\u021ba \u00een loca\u021bie, clien\u021bii \u00ee\u0219i exprim\u0103 acordul implicit pentru a putea ap\u0103rea \u00een astfel de materiale, care surprind atmosfera general\u0103. Ne rezerv\u0103m dreptul de a realiza &#8230;<\/p>","protected":false},"author":4,"featured_media":0,"parent":0,"menu_order":0,"comment_status":"closed","ping_status":"closed","template":"template-wide-content.php","meta":{"cozystay_single_page_hide_site_header":"","cozystay_single_page_site_header_source":"","cozystay_single_page_custom_site_header":"0","cozystay_single_page_custom_sticky_site_header":"0","cozystay_single_page_hide_page_title":"","cozystay_single_page_header_section_size":"","cozystay_single_page_header_background_color":"","cozystay_single_page_header_background_position_x":"center","cozystay_single_page_header_background_position_y":"center","cozystay_single_page_header_background_size":"cover","cozystay_single_page_header_background_repeat":"off","cozystay_single_page_header_background_scroll":"on","cozystay_single_page_header_text_color":"","cozystay_single_page_header_show_breadcrumb":"","cozystay_single_page_site_footer_hide_main":"","cozystay_single_custom_site_footer_main_source":"","cozystay_single_custom_site_footer_main":"0","cozystay_single_page_site_footer_hide_above":"","cozystay_single_custom_site_footer_above_source":"","cozystay_single_custom_site_footer_above":"0","cozystay_single_page_site_footer_hide_instagram":"","cozystay_single_page_site_footer_hide_bottom":"","cozystay_single_custom_mobile_menu_source":"","cozystay_single_custom_mobile_menu":"0","cozystay_single_custom_mobile_menu_animation":"","cozystay_single_custom_mobile_menu_width":"","cozystay_single_custom_mobile_menu_custom_width":375,"footnotes":""},"class_list":["post-11053","page","type-page","status-publish","hentry"],"yoast_head":"<!-- This site is optimized with the Yoast SEO plugin v27.5 - https:\/\/yoast.com\/product\/yoast-seo-wordpress\/ -->\n<title>Politica pentru fotografii - Conacul Secuiesc - Sz\u00e9kelyk\u0151\u00a0K\u00faria<\/title>\n<meta name=\"robots\" content=\"index, follow, max-snippet:-1, max-image-preview:large, max-video-preview:-1\" \/>\n<link rel=\"canonical\" href=\"https:\/\/conaculsecuiesc.ro\/hu\/politica-pentru-fotografii\/\" \/>\n<meta property=\"og:locale\" content=\"hu_HU\" \/>\n<meta property=\"og:type\" content=\"article\" \/>\n<meta property=\"og:title\" content=\"Politica pentru fotografii - Conacul Secuiesc - Sz\u00e9kelyk\u0151\u00a0K\u00faria\" \/>\n<meta property=\"og:description\" content=\"Politic\u0103 privind realizarea \u0219i utilizarea imaginilor \u00cen cadrul loca\u021biei noastre pot fi realizate fotografii \u0219i videoclipuri \u00een scop de promovare (ex: Instagram, Facebook, website sau alte materiale publice). Prin prezen\u021ba \u00een loca\u021bie, clien\u021bii \u00ee\u0219i exprim\u0103 acordul implicit pentru a putea ap\u0103rea \u00een astfel de materiale, care surprind atmosfera general\u0103. Ne rezerv\u0103m dreptul de a realiza ...\" \/>\n<meta property=\"og:url\" content=\"https:\/\/conaculsecuiesc.ro\/hu\/politica-pentru-fotografii\/\" \/>\n<meta property=\"og:site_name\" content=\"Conacul Secuiesc - Sz\u00e9kelyk\u0151\u00a0K\u00faria\" \/>\n<meta property=\"article:publisher\" content=\"https:\/\/www.facebook.com\/conaculsecuiesc\" \/>\n<meta property=\"article:modified_time\" content=\"2026-05-01T09:39:15+00:00\" \/>\n<meta name=\"twitter:card\" content=\"summary_large_image\" \/>\n<meta name=\"twitter:label1\" content=\"Becs\u00fclt olvas\u00e1si id\u0151\" \/>\n\t<meta name=\"twitter:data1\" content=\"1 perc\" \/>\n<script type=\"application\/ld+json\" class=\"yoast-schema-graph\">{\"@context\":\"https:\\\/\\\/schema.org\",\"@graph\":[{\"@type\":\"NewsArticle\",\"@id\":\"https:\\\/\\\/conaculsecuiesc.ro\\\/politica-pentru-fotografii\\\/#article\",\"isPartOf\":{\"@id\":\"https:\\\/\\\/conaculsecuiesc.ro\\\/politica-pentru-fotografii\\\/\"},\"author\":{\"name\":\"Conac\",\"@id\":\"https:\\\/\\\/conaculsecuiesc.ro\\\/#\\\/schema\\\/person\\\/095f60a59372978f1d4bc98cb18c58ed\"},\"headline\":\"Politica pentru fotografii\",\"datePublished\":\"2026-05-01T09:35:31+00:00\",\"dateModified\":\"2026-05-01T09:39:15+00:00\",\"mainEntityOfPage\":{\"@id\":\"https:\\\/\\\/conaculsecuiesc.ro\\\/politica-pentru-fotografii\\\/\"},\"wordCount\":126,\"publisher\":{\"@id\":\"https:\\\/\\\/conaculsecuiesc.ro\\\/#organization\"},\"inLanguage\":\"hu\"},{\"@type\":\"WebPage\",\"@id\":\"https:\\\/\\\/conaculsecuiesc.ro\\\/politica-pentru-fotografii\\\/\",\"url\":\"https:\\\/\\\/conaculsecuiesc.ro\\\/politica-pentru-fotografii\\\/\",\"name\":\"Politica pentru fotografii - Conacul Secuiesc - Sz\u00e9kelyk\u0151\u00a0K\u00faria\",\"isPartOf\":{\"@id\":\"https:\\\/\\\/conaculsecuiesc.ro\\\/#website\"},\"datePublished\":\"2026-05-01T09:35:31+00:00\",\"dateModified\":\"2026-05-01T09:39:15+00:00\",\"breadcrumb\":{\"@id\":\"https:\\\/\\\/conaculsecuiesc.ro\\\/politica-pentru-fotografii\\\/#breadcrumb\"},\"inLanguage\":\"hu\",\"potentialAction\":[{\"@type\":\"ReadAction\",\"target\":[\"https:\\\/\\\/conaculsecuiesc.ro\\\/politica-pentru-fotografii\\\/\"]}]},{\"@type\":\"BreadcrumbList\",\"@id\":\"https:\\\/\\\/conaculsecuiesc.ro\\\/politica-pentru-fotografii\\\/#breadcrumb\",\"itemListElement\":[{\"@type\":\"ListItem\",\"position\":1,\"name\":\"Home\",\"item\":\"https:\\\/\\\/conaculsecuiesc.ro\\\/\"},{\"@type\":\"ListItem\",\"position\":2,\"name\":\"Politica pentru fotografii\"}]},{\"@type\":\"WebSite\",\"@id\":\"https:\\\/\\\/conaculsecuiesc.ro\\\/#website\",\"url\":\"https:\\\/\\\/conaculsecuiesc.ro\\\/\",\"name\":\"Conacul Secuiesc - Sz\u00e9kelyk\u0151\u00a0K\u00faria\",\"description\":\"Conacul Secuiesc - Sz\u00e9kelyk\u0151\u00a0K\u00faria Alba Iulia\",\"publisher\":{\"@id\":\"https:\\\/\\\/conaculsecuiesc.ro\\\/#organization\"},\"potentialAction\":[{\"@type\":\"SearchAction\",\"target\":{\"@type\":\"EntryPoint\",\"urlTemplate\":\"https:\\\/\\\/conaculsecuiesc.ro\\\/?s={search_term_string}\"},\"query-input\":{\"@type\":\"PropertyValueSpecification\",\"valueRequired\":true,\"valueName\":\"search_term_string\"}}],\"inLanguage\":\"hu\"},{\"@type\":\"Organization\",\"@id\":\"https:\\\/\\\/conaculsecuiesc.ro\\\/#organization\",\"name\":\"Conacul Secuiesc - Sz\u00e9kelyk\u0151\u00a0K\u00faria\",\"url\":\"https:\\\/\\\/conaculsecuiesc.ro\\\/\",\"logo\":{\"@type\":\"ImageObject\",\"inLanguage\":\"hu\",\"@id\":\"https:\\\/\\\/conaculsecuiesc.ro\\\/#\\\/schema\\\/logo\\\/image\\\/\",\"url\":\"https:\\\/\\\/conaculsecuiesc.ro\\\/wp-content\\\/uploads\\\/2024\\\/10\\\/logo-conacul-secuiesc_3aq.webp\",\"contentUrl\":\"https:\\\/\\\/conaculsecuiesc.ro\\\/wp-content\\\/uploads\\\/2024\\\/10\\\/logo-conacul-secuiesc_3aq.webp\",\"width\":200,\"height\":217,\"caption\":\"Conacul Secuiesc - Sz\u00e9kelyk\u0151\u00a0K\u00faria\"},\"image\":{\"@id\":\"https:\\\/\\\/conaculsecuiesc.ro\\\/#\\\/schema\\\/logo\\\/image\\\/\"},\"sameAs\":[\"https:\\\/\\\/www.facebook.com\\\/conaculsecuiesc\",\"https:\\\/\\\/www.instagram.com\\\/conaculsecuiesc\\\/\"]},{\"@type\":\"Person\",\"@id\":\"https:\\\/\\\/conaculsecuiesc.ro\\\/#\\\/schema\\\/person\\\/095f60a59372978f1d4bc98cb18c58ed\",\"name\":\"Conac\",\"image\":{\"@type\":\"ImageObject\",\"inLanguage\":\"hu\",\"@id\":\"https:\\\/\\\/secure.gravatar.com\\\/avatar\\\/e7e8749bfae50b98e855fa8735534c4ae8fc4c1ada26e3c5996c0d039d7dc3df?s=96&d=mm&r=g\",\"url\":\"https:\\\/\\\/secure.gravatar.com\\\/avatar\\\/e7e8749bfae50b98e855fa8735534c4ae8fc4c1ada26e3c5996c0d039d7dc3df?s=96&d=mm&r=g\",\"contentUrl\":\"https:\\\/\\\/secure.gravatar.com\\\/avatar\\\/e7e8749bfae50b98e855fa8735534c4ae8fc4c1ada26e3c5996c0d039d7dc3df?s=96&d=mm&r=g\",\"caption\":\"Conac\"},\"url\":\"https:\\\/\\\/conaculsecuiesc.ro\\\/hu\\\/author\\\/conac\\\/\"}]}<\/script>\n<!-- \/ Yoast SEO plugin. -->","yoast_head_json":{"title":"Politica pentru fotografii - Conacul Secuiesc - Sz\u00e9kelyk\u0151\u00a0K\u00faria","robots":{"index":"index","follow":"follow","max-snippet":"max-snippet:-1","max-image-preview":"max-image-preview:large","max-video-preview":"max-video-preview:-1"},"canonical":"https:\/\/conaculsecuiesc.ro\/hu\/politica-pentru-fotografii\/","og_locale":"hu_HU","og_type":"article","og_title":"Politica pentru fotografii - Conacul Secuiesc - Sz\u00e9kelyk\u0151\u00a0K\u00faria","og_description":"Politic\u0103 privind realizarea \u0219i utilizarea imaginilor \u00cen cadrul loca\u021biei noastre pot fi realizate fotografii \u0219i videoclipuri \u00een scop de promovare (ex: Instagram, Facebook, website sau alte materiale publice). Prin prezen\u021ba \u00een loca\u021bie, clien\u021bii \u00ee\u0219i exprim\u0103 acordul implicit pentru a putea ap\u0103rea \u00een astfel de materiale, care surprind atmosfera general\u0103. Ne rezerv\u0103m dreptul de a realiza ...","og_url":"https:\/\/conaculsecuiesc.ro\/hu\/politica-pentru-fotografii\/","og_site_name":"Conacul Secuiesc - Sz\u00e9kelyk\u0151\u00a0K\u00faria","article_publisher":"https:\/\/www.facebook.com\/conaculsecuiesc","article_modified_time":"2026-05-01T09:39:15+00:00","twitter_card":"summary_large_image","twitter_misc":{"Becs\u00fclt olvas\u00e1si id\u0151":"1 perc"},"schema":{"@context":"https:\/\/schema.org","@graph":[{"@type":"NewsArticle","@id":"https:\/\/conaculsecuiesc.ro\/politica-pentru-fotografii\/#article","isPartOf":{"@id":"https:\/\/conaculsecuiesc.ro\/politica-pentru-fotografii\/"},"author":{"name":"Conac","@id":"https:\/\/conaculsecuiesc.ro\/#\/schema\/person\/095f60a59372978f1d4bc98cb18c58ed"},"headline":"Politica pentru fotografii","datePublished":"2026-05-01T09:35:31+00:00","dateModified":"2026-05-01T09:39:15+00:00","mainEntityOfPage":{"@id":"https:\/\/conaculsecuiesc.ro\/politica-pentru-fotografii\/"},"wordCount":126,"publisher":{"@id":"https:\/\/conaculsecuiesc.ro\/#organization"},"inLanguage":"hu"},{"@type":"WebPage","@id":"https:\/\/conaculsecuiesc.ro\/politica-pentru-fotografii\/","url":"https:\/\/conaculsecuiesc.ro\/politica-pentru-fotografii\/","name":"Politica pentru fotografii - Conacul Secuiesc - Sz\u00e9kelyk\u0151\u00a0K\u00faria","isPartOf":{"@id":"https:\/\/conaculsecuiesc.ro\/#website"},"datePublished":"2026-05-01T09:35:31+00:00","dateModified":"2026-05-01T09:39:15+00:00","breadcrumb":{"@id":"https:\/\/conaculsecuiesc.ro\/politica-pentru-fotografii\/#breadcrumb"},"inLanguage":"hu","potentialAction":[{"@type":"ReadAction","target":["https:\/\/conaculsecuiesc.ro\/politica-pentru-fotografii\/"]}]},{"@type":"BreadcrumbList","@id":"https:\/\/conaculsecuiesc.ro\/politica-pentru-fotografii\/#breadcrumb","itemListElement":[{"@type":"ListItem","position":1,"name":"Home","item":"https:\/\/conaculsecuiesc.ro\/"},{"@type":"ListItem","position":2,"name":"Politica pentru fotografii"}]},{"@type":"WebSite","@id":"https:\/\/conaculsecuiesc.ro\/#website","url":"https:\/\/conaculsecuiesc.ro\/","name":"Sz\u00e9kelyudvarhely - Sz\u00e9kelyk\u0151 K\u00faria","description":"Sz\u00e9kelyudvarhely - Sz\u00e9kelyk\u0151 K\u00faria Alba Iulia","publisher":{"@id":"https:\/\/conaculsecuiesc.ro\/#organization"},"potentialAction":[{"@type":"SearchAction","target":{"@type":"EntryPoint","urlTemplate":"https:\/\/conaculsecuiesc.ro\/?s={search_term_string}"},"query-input":{"@type":"PropertyValueSpecification","valueRequired":true,"valueName":"search_term_string"}}],"inLanguage":"hu"},{"@type":"Organization","@id":"https:\/\/conaculsecuiesc.ro\/#organization","name":"Sz\u00e9kelyudvarhely - Sz\u00e9kelyk\u0151 K\u00faria","url":"https:\/\/conaculsecuiesc.ro\/","logo":{"@type":"ImageObject","inLanguage":"hu","@id":"https:\/\/conaculsecuiesc.ro\/#\/schema\/logo\/image\/","url":"https:\/\/conaculsecuiesc.ro\/wp-content\/uploads\/2024\/10\/logo-conacul-secuiesc_3aq.webp","contentUrl":"https:\/\/conaculsecuiesc.ro\/wp-content\/uploads\/2024\/10\/logo-conacul-secuiesc_3aq.webp","width":200,"height":217,"caption":"Conacul Secuiesc - Sz\u00e9kelyk\u0151\u00a0K\u00faria"},"image":{"@id":"https:\/\/conaculsecuiesc.ro\/#\/schema\/logo\/image\/"},"sameAs":["https:\/\/www.facebook.com\/conaculsecuiesc","https:\/\/www.instagram.com\/conaculsecuiesc\/"]},{"@type":"Person","@id":"https:\/\/conaculsecuiesc.ro\/#\/schema\/person\/095f60a59372978f1d4bc98cb18c58ed","name":"Conac","image":{"@type":"ImageObject","inLanguage":"hu","@id":"https:\/\/secure.gravatar.com\/avatar\/e7e8749bfae50b98e855fa8735534c4ae8fc4c1ada26e3c5996c0d039d7dc3df?s=96&d=mm&r=g","url":"https:\/\/secure.gravatar.com\/avatar\/e7e8749bfae50b98e855fa8735534c4ae8fc4c1ada26e3c5996c0d039d7dc3df?s=96&d=mm&r=g","contentUrl":"https:\/\/secure.gravatar.com\/avatar\/e7e8749bfae50b98e855fa8735534c4ae8fc4c1ada26e3c5996c0d039d7dc3df?s=96&d=mm&r=g","caption":"Conac"},"url":"https:\/\/conaculsecuiesc.ro\/hu\/author\/conac\/"}]}},"_links":{"self":[{"href":"https:\/\/conaculsecuiesc.ro\/hu\/wp-json\/wp\/v2\/pages\/11053","targetHints":{"allow":["GET"]}}],"collection":[{"href":"https:\/\/conaculsecuiesc.ro\/hu\/wp-json\/wp\/v2\/pages"}],"about":[{"href":"https:\/\/conaculsecuiesc.ro\/hu\/wp-json\/wp\/v2\/types\/page"}],"author":[{"embeddable":true,"href":"https:\/\/conaculsecuiesc.ro\/hu\/wp-json\/wp\/v2\/users\/4"}],"replies":[{"embeddable":true,"href":"https:\/\/conaculsecuiesc.ro\/hu\/wp-json\/wp\/v2\/comments?post=11053"}],"version-history":[{"count":4,"href":"https:\/\/conaculsecuiesc.ro\/hu\/wp-json\/wp\/v2\/pages\/11053\/revisions"}],"predecessor-version":[{"id":11057,"href":"https:\/\/conaculsecuiesc.ro\/hu\/wp-json\/wp\/v2\/pages\/11053\/revisions\/11057"}],"wp:attachment":[{"href":"https:\/\/conaculsecuiesc.ro\/hu\/wp-json\/wp\/v2\/media?parent=11053"}],"curies":[{"name":"wp","href":"https:\/\/api.w.org\/{rel}","templated":true}]}}