{"id":3536,"date":"2024-11-09T12:48:34","date_gmt":"2024-11-09T12:48:34","guid":{"rendered":"https:\/\/conaculsecuiesc.ro\/?page_id=3536"},"modified":"2026-02-17T19:19:18","modified_gmt":"2026-02-17T19:19:18","slug":"termeni-si-conditii","status":"publish","type":"page","link":"https:\/\/conaculsecuiesc.ro\/hu\/termeni-si-conditii\/","title":{"rendered":"Felt\u00e9telek \u00e9s Kik\u00f6t\u00e9sek"},"content":{"rendered":"<div data-elementor-type=\"wp-post\" data-elementor-id=\"3536\" class=\"elementor elementor-3536\" data-elementor-post-type=\"page\">\n\t\t\t\t<div class=\"elementor-element elementor-element-0ede12b e-flex e-con-boxed e-con e-parent\" data-id=\"0ede12b\" data-element_type=\"container\" data-e-type=\"container\">\n\t\t\t\t\t<div class=\"e-con-inner\">\n\t\t<div class=\"elementor-element elementor-element-a78c6c9 e-con-full e-flex e-con e-child\" data-id=\"a78c6c9\" data-element_type=\"container\" data-e-type=\"container\">\n\t\t\t\t<div class=\"elementor-element elementor-element-0858794 elementor-widget__width-initial elementor-widget elementor-widget-text-editor\" data-id=\"0858794\" data-element_type=\"widget\" data-e-type=\"widget\" data-widget_type=\"text-editor.default\">\n\t\t\t\t<div class=\"elementor-widget-container\">\n\t\t\t\t\t\t\t\t\t<section class=\"elementor-section elementor-inner-section elementor-element elementor-element-a072429 elementor-section-boxed elementor-section-height-default elementor-section-height-default\" data-id=\"a072429\" data-element_type=\"section\"><div class=\"elementor-container elementor-column-gap-default\"><div class=\"elementor-column elementor-col-100 elementor-inner-column elementor-element elementor-element-04fa76e\" data-id=\"04fa76e\" data-element_type=\"column\"><div class=\"elementor-widget-wrap elementor-element-populated\"><div class=\"elementor-element elementor-element-2a09780 elementor-widget elementor-widget-text-editor\" data-id=\"2a09780\" data-element_type=\"widget\" data-widget_type=\"text-editor.default\"><div class=\"elementor-widget-container\"><section class=\"elementor-section elementor-inner-section elementor-element elementor-element-a072429 elementor-section-boxed elementor-section-height-default elementor-section-height-default\" data-id=\"a072429\" data-element_type=\"section\"><div class=\"elementor-container elementor-column-gap-default\"><div class=\"elementor-column elementor-col-100 elementor-inner-column elementor-element elementor-element-04fa76e\" data-id=\"04fa76e\" data-element_type=\"column\"><div class=\"elementor-widget-wrap elementor-element-populated\"><div class=\"elementor-element elementor-element-3214ac5 elementor-widget elementor-widget-heading\" data-id=\"3214ac5\" data-element_type=\"widget\" data-widget_type=\"heading.default\"><div class=\"elementor-widget-container\"><h2 class=\"elementor-heading-title elementor-size-default\">Kedves vend\u00e9geink!,<\/h2><\/div><\/div><div class=\"elementor-element elementor-element-2a09780 elementor-widget elementor-widget-text-editor\" data-id=\"2a09780\" data-element_type=\"widget\" data-widget_type=\"text-editor.default\"><div class=\"elementor-widget-container\"><p>Honlap\u00a0<a href=\"https:\/\/conaculsecuiesc.ro\/hu\/\"><strong>www.conaculsecuiesc.ro\u00a0<\/strong><\/a>a T\u00e1rsas\u00e1g haszn\u00e1lat\u00e1ban van <b>SZ\u00c9KELY VID\u00c9KI K\u00daRIA SRL<\/b>, sz\u00e9khelye Com. Rimetea, Col\u021be\u0219ti, Nr.105\/a, c\u00e9gjegyz\u00e9ksz\u00e1m: J01\/657\/2022, egyedi nyilv\u00e1ntart\u00e1si k\u00f3d: RO46238184, a tov\u00e1bbiakban \u00e1ltal\u00e1noss\u00e1gban: a honlap tulajdonosa vagy a t\u00e1rsas\u00e1g.<\/p><p>Szeretn\u00e9nk felejthetetlen \u00e9lm\u00e9nyt ny\u00fajtani \u00d6nnek a Conacul Sz\u00e9kely Vend\u00e9gh\u00e1zban, ez\u00e9rt sz\u00e1mos alapelvet \u00e9s szab\u00e1lyt \u00e1ll\u00edtottunk fel, amelyeket k\u00e9rj\u00fck, hogy tartson szem el\u0151tt mind a tart\u00f3zkod\u00e1s alatt, mind ut\u00e1na. A szab\u00e1lyok \u00e9s el\u0151\u00edr\u00e1sok minden vend\u00e9g\u00fcnkre vonatkoznak, akik a panzi\u00f3ban val\u00f3 tart\u00f3zkod\u00e1suk puszta t\u00e9ny\u00e9vel elfogadj\u00e1k azokat, \u00e9s korl\u00e1tok \u00e9s fenntart\u00e1sok n\u00e9lk\u00fcl k\u00f6telesek betartani.<\/p><\/div><\/div><\/div><\/div><\/div><\/section><section class=\"elementor-section elementor-inner-section elementor-element elementor-element-1dd4158 elementor-section-boxed elementor-section-height-default elementor-section-height-default\" data-id=\"1dd4158\" data-element_type=\"section\"><div class=\"elementor-container elementor-column-gap-default\"><div class=\"elementor-column elementor-col-100 elementor-inner-column elementor-element elementor-element-155f95d\" data-id=\"155f95d\" data-element_type=\"column\"><div class=\"elementor-widget-wrap elementor-element-populated\"><div class=\"elementor-element elementor-element-5c3ec8a elementor-widget elementor-widget-heading\" data-id=\"5c3ec8a\" data-element_type=\"widget\" data-widget_type=\"heading.default\"><div class=\"elementor-widget-container\"><h2 class=\"elementor-heading-title elementor-size-default\">HOGYAN KELL LEFOGLALNI<\/h2><\/div><\/div><div class=\"elementor-element elementor-element-ccd2f90 elementor-widget elementor-widget-text-editor\" data-id=\"ccd2f90\" data-element_type=\"widget\" data-widget_type=\"text-editor.default\"><div class=\"elementor-widget-container\"><p>A szob\u00e1kat a Conacul Secuiesc sz\u00e1ll\u00e1shelyen lehet foglalni:<\/p><ol><li>a\u00a0<strong>Foglal\u00e1s<\/strong>\u00a0a weboldalunkon\u00a0<a href=\"https:\/\/conaculsecuiesc.ro\/hu\/\">conaculsecuiesc.ro<\/a><\/li><li><span style=\"font-style: inherit; font-weight: inherit; color: var(--ast-global-color-3);\">e-mailben\u00a0<\/span><a style=\"font-style: inherit; font-weight: inherit; background-color: #fbf2e4;\" href=\"mailto:office@conaculsecuiesc.ro\">office@conaculsecuiesc.ro<\/a><\/li><\/ol><\/div><\/div><div class=\"elementor-element elementor-element-7247833 elementor-widget elementor-widget-text-editor\" data-id=\"7247833\" data-element_type=\"widget\" data-widget_type=\"text-editor.default\"><div class=\"elementor-widget-container\"><p>P<span style=\"font-style: inherit; font-weight: inherit; color: var(--ast-global-color-3);\">\u00dcnnepnapokon vagy fesztiv\u00e1lokon t\u00f6rt\u00e9n\u0151 foglal\u00e1sok eset\u00e9n a Vend\u00e9gh\u00e1z fenntartja a jogot, hogy \u00e9rv\u00e9nyes hitelk\u00e1rty\u00e1t vagy az els\u0151 \u00e9jszakai sz\u00e1ll\u00e1sd\u00edj el\u0151leg\u00e9t k\u00e9rje a foglal\u00e1s garant\u00e1l\u00e1s\u00e1ra,<\/span><\/p><p>A nem biztos\u00edtott foglal\u00e1sokat az \u00e9rkez\u00e9s napj\u00e1n 18:00 \u00f3r\u00e1ig tartjuk meg, \u00e9s ezut\u00e1n automatikusan felszabadulnak, kiv\u00e9ve, ha a foglal\u00e1s a foglal\u00e1skor \u00e9rv\u00e9nyes k\u00e1rty\u00e1val, el\u0151leggel vagy a panzi\u00f3 recepci\u00f3j\u00e1n\u00e1l tett k\u00e9sedelmes bejelent\u00e9ssel garant\u00e1lt.<\/p><p>A weboldalon felt\u00fcntetett \u00e1rak v\u00e9gleges \u00e1rak, \u00e9s tartalmazz\u00e1k az \u00c1FA-t. A vend\u00e9g \u00e1ltal fizetend\u0151 \u00e1r automatikusan kisz\u00e1m\u00edt\u00e1sra ker\u00fcl a tart\u00f3zkod\u00e1s id\u0151tartama, a lefoglalt szoba t\u00edpusa, az \u00e9jszak\u00e1k sz\u00e1ma, a feln\u0151ttek \u00e9s gyermekek sz\u00e1ma \u00e9s a foglal\u00e1sban megadott \u00e9letkor alapj\u00e1n.<\/p><p>A Conacul Secuiesc panzi\u00f3 fenntartja a jogot az \u00e1rak m\u00f3dos\u00edt\u00e1s\u00e1ra \u00e9s az akci\u00f3s aj\u00e1nlatok k\u00f6zz\u00e9t\u00e9tel\u00e9re a rendelkez\u00e9sre \u00e1ll\u00f3 szob\u00e1k sz\u00e1m\u00e1t\u00f3l f\u00fcgg\u0151en. A m\u00e1r lefoglalt \u00e9s meger\u0151s\u00edtett foglal\u00e1sok egy adott \u00e1ron nem v\u00e1ltoznak, ha id\u0151k\u00f6zben \u00faj aj\u00e1nlat jelenik meg a weboldalon.<\/p><p>A szobakioszt\u00e1s a szabad helyek f\u00fcggv\u00e9nye. Ha a vend\u00e9gek egy bizonyos sz\u00e1m\u00fa, t\u00edpus\u00fa, emeleti vagy ter\u00fclet\u0171 szob\u00e1t szeretn\u00e9nek, a rendelkez\u00e9sre \u00e1ll\u00e1s f\u00fcggv\u00e9ny\u00e9ben teljes\u00edtj\u00fck ezeket az ig\u00e9nyeket.<\/p><p>Az ilyen jelleg\u0171 k\u00e9r\u00e9sek turisztikai preferenci\u00e1knak min\u0151s\u00fclnek, amelyeket igyeksz\u00fcnk teljes\u00edteni a rendelkez\u00e9sre \u00e1ll\u00e1s keretein bel\u00fcl.\u00a0<strong>DE NINCS GARANCIA.<\/strong><\/p><\/div><\/div><\/div><\/div><\/div><\/section><section class=\"elementor-section elementor-inner-section elementor-element elementor-element-e2fda25 elementor-section-boxed elementor-section-height-default elementor-section-height-default\" data-id=\"e2fda25\" data-element_type=\"section\"><div class=\"elementor-container elementor-column-gap-default\"><div class=\"elementor-column elementor-col-100 elementor-inner-column elementor-element elementor-element-fac09f4\" data-id=\"fac09f4\" data-element_type=\"column\"><div class=\"elementor-widget-wrap elementor-element-populated\"><div class=\"elementor-element elementor-element-4f6bbaa elementor-widget elementor-widget-heading\" data-id=\"4f6bbaa\" data-element_type=\"widget\" data-widget_type=\"heading.default\"><div class=\"elementor-widget-container\"><h2 class=\"elementor-heading-title elementor-size-default\">FOGLAL\u00c1SI VISSZAIGAZOL\u00c1S<\/h2><\/div><\/div><div class=\"elementor-element elementor-element-9484004 elementor-widget elementor-widget-text-editor\" data-id=\"9484004\" data-element_type=\"widget\" data-widget_type=\"text-editor.default\"><div class=\"elementor-widget-container\"><p>Az e-mailben vagy telefonon \u00e9rkez\u0151 egy\u00e9ni foglal\u00e1sok visszaigazol\u00e1s\u00e1t a panzi\u00f3 recepci\u00f3ja r\u00f6gz\u00edti \u00e9s k\u00e9s\u0151bb visszaigazolja. A meger\u0151s\u00edtett foglal\u00e1sok m\u00f3dos\u00edt\u00e1s\u00e1t a v\u00e1ltoz\u00e1s bejelent\u00e9s\u00e9nek napj\u00e1n a szabad helyek f\u00fcggv\u00e9ny\u00e9ben fogadjuk el.<\/p><p>A foglal\u00e1si k\u00e9relem meger\u0151s\u00edt\u00e9se vagy t\u00f6rl\u00e9se a k\u00f6vetkez\u0151 m\u00f3don t\u00f6rt\u00e9nik\u00a0<strong>24 \u00f3r\u00e1n bel\u00fcl<\/strong>\u00a0a h\u00e9tf\u0151t\u0151l vas\u00e1rnapig be\u00e9rkez\u0151 k\u00e9relmek eset\u00e9ben.<\/p><p>A recepci\u00f3 nyitvatart\u00e1si ideje h\u00e9tf\u0151t\u0151l vas\u00e1rnapig 9:00-21:00.<\/p><\/div><\/div><\/div><\/div><\/div><\/section><section class=\"elementor-section elementor-inner-section elementor-element elementor-element-a3e1f6d elementor-section-boxed elementor-section-height-default elementor-section-height-default\" data-id=\"a3e1f6d\" data-element_type=\"section\"><div class=\"elementor-container elementor-column-gap-default\"><div class=\"elementor-column elementor-col-100 elementor-inner-column elementor-element elementor-element-e03e6ee\" data-id=\"e03e6ee\" data-element_type=\"column\"><div class=\"elementor-widget-wrap elementor-element-populated\"><div class=\"elementor-element elementor-element-12a2a2a elementor-widget elementor-widget-heading\" data-id=\"12a2a2a\" data-element_type=\"widget\" data-widget_type=\"heading.default\"><div class=\"elementor-widget-container\"><h2 class=\"elementor-heading-title elementor-size-default\">FIZET\u00c9SI M\u00d3D<\/h2><\/div><\/div><div class=\"elementor-element elementor-element-a5566ca elementor-widget elementor-widget-text-editor\" data-id=\"a5566ca\" data-element_type=\"widget\" data-widget_type=\"text-editor.default\"><div class=\"elementor-widget-container\">K\u00e9szp\u00e9nzzel, szem\u00e9lyes vagy c\u00e9ges k\u00e1rty\u00e1val fizethet, teljes biztons\u00e1gban. A fizet\u00e9sre elfogadott k\u00e1rty\u00e1k: VISA, MASTERCARD \u00e9s MAESTRO.\u00a0<strong>A panzi\u00f3 fenntartja mag\u00e1nak a jogot, hogy a sz\u00e1ll\u00e1sk\u00f6lts\u00e9get a v\u00e9gleges foglal\u00e1skor felsz\u00e1m\u00edtsa.<\/strong>\u00a0A tov\u00e1bbi k\u00f6lts\u00e9gek kifizet\u00e9se legk\u00e9s\u0151bb a kijelentkez\u00e9skor t\u00f6rt\u00e9nik.  A k\u00f6zs\u00e9gben tartott rendezv\u00e9nyek idej\u00e9n a Vend\u00e9gh\u00e1z fenntartja a jogot, hogy a teljes \u00f6sszeget el\u0151re k\u00e9rje. Elfogadjuk a Sodexo, Up Romania, Edenred utalv\u00e1nyok \u00e9s \u00fcd\u00fcl\u00e9si k\u00e1rty\u00e1k \u00e1ltal t\u00f6rt\u00e9n\u0151 fizet\u00e9st is. Ha a tart\u00f3zkod\u00e1s v\u00e9g\u00e9n k\u00edv\u00e1n fizetni, akkor az ig\u00e9nyelt id\u0151szakra \u00e9s a k\u00e9rt sz\u00e1ll\u00e1sszolg\u00e1ltat\u00e1sokra vonatkoz\u00f3an el\u0151leget kell fizetni k\u00e1rty\u00e1val vagy k\u00e9szp\u00e9nzben. \u00dcd\u00fcl\u00e9si utalv\u00e1nyt csak akkor fogadunk el, ha a vend\u00e9gek egyike az utalv\u00e1ny tulajdonosa! El\u0151legfizet\u00e9s eset\u00e9n a befizet\u00e9s igazol\u00e1sa sz\u00fcks\u00e9ges, amelynek k\u00e9zhezv\u00e9tel\u00e9t k\u00f6vet\u0151en a Vend\u00e9gh\u00e1z 24 \u00f3r\u00e1n bel\u00fcl visszaigazolja a foglal\u00e1st.<\/div><\/div><\/div><\/div><\/div><\/section><section class=\"elementor-section elementor-inner-section elementor-element elementor-element-97020e3 elementor-section-boxed elementor-section-height-default elementor-section-height-default\" data-id=\"97020e3\" data-element_type=\"section\"><div class=\"elementor-container elementor-column-gap-default\"><div class=\"elementor-column elementor-col-100 elementor-inner-column elementor-element elementor-element-ca5c8ee\" data-id=\"ca5c8ee\" data-element_type=\"column\"><div class=\"elementor-widget-wrap elementor-element-populated\"><div class=\"elementor-element elementor-element-4b87d42 elementor-widget elementor-widget-heading\" data-id=\"4b87d42\" data-element_type=\"widget\" data-widget_type=\"heading.default\"><div class=\"elementor-widget-container\"><h2 class=\"elementor-heading-title elementor-size-default\">LEMOND\u00c1SI SZAB\u00c1LYZAT<\/h2><\/div><\/div><div class=\"elementor-element elementor-element-c6fc268 elementor-widget elementor-widget-text-editor\" data-id=\"c6fc268\" data-element_type=\"widget\" data-widget_type=\"text-editor.default\"><div class=\"elementor-widget-container\"><p><strong>Ingyenes lemond\u00e1s 7 napt\u00e1ri nappal el\u0151re - mag\u00e1nszem\u00e9lyek sz\u00e1m\u00e1ra.<\/strong><\/p><p><strong>Ingyenes lemond\u00e1s 14 napt\u00e1ri nappal el\u0151re - csoportok sz\u00e1m\u00e1ra.<\/strong><\/p><p>Meg nem jelen\u00e9s eset\u00e9n a Vend\u00e9gh\u00e1z fenntartja a jogot, hogy a teljes \u00f6sszeget felsz\u00e1m\u00edtsa. Ebben az esetben a foglal\u00e1s automatikusan t\u00f6rl\u00e9sre ker\u00fcl a teljes k\u00e9rt id\u0151szakra vonatkoz\u00f3an.<\/p><p>Csoportok eset\u00e9ben a foglal\u00e1s lemondhat\u00f3 legal\u00e1bb 10 (t\u00edz) nappal el\u0151re b\u00fcntet\u00e9s n\u00e9lk\u00fcl, 7 \u00e9s 5 nap k\u00f6z\u00f6tt b\u00fcntet\u00e9s 100% az els\u0151 \u00e9jszaka sz\u00e1ll\u00e1sd\u00edja, 3 napn\u00e1l kevesebb el\u0151re b\u00fcntet\u00e9s 100% a teljes csomag \u00e1ra.<\/p><\/div><\/div><\/div><\/div><\/div><\/section><section class=\"elementor-section elementor-inner-section elementor-element elementor-element-a7b8359 elementor-section-boxed elementor-section-height-default elementor-section-height-default\" data-id=\"a7b8359\" data-element_type=\"section\"><div class=\"elementor-container elementor-column-gap-default\"><div class=\"elementor-column elementor-col-100 elementor-inner-column elementor-element elementor-element-4f3e73e\" data-id=\"4f3e73e\" data-element_type=\"column\"><div class=\"elementor-widget-wrap elementor-element-populated\"><div class=\"elementor-element elementor-element-4e447e4 elementor-widget elementor-widget-heading\" data-id=\"4e447e4\" data-element_type=\"widget\" data-widget_type=\"heading.default\"><div class=\"elementor-widget-container\"><h2 class=\"elementor-heading-title elementor-size-default\">BEJELENTKEZ\u00c9S \/ KIJELENTKEZ\u00c9S<\/h2><\/div><\/div><div class=\"elementor-element elementor-element-89633d8 elementor-widget elementor-widget-text-editor\" data-id=\"89633d8\" data-element_type=\"widget\" data-widget_type=\"text-editor.default\"><div class=\"elementor-widget-container\"><p><strong>Check-in<\/strong>: 15:00-t\u00f3l<\/p><p><strong>Check-out<\/strong>: 11:00-ig<\/p><p><strong>\u00a0K\u00e9s\u0151i kijelentkez\u00e9si d\u00edj<\/strong>: a rendelkez\u00e9sre \u00e1ll\u00e1s f\u00fcggv\u00e9ny\u00e9ben, minden tov\u00e1bbi 11:00 \u00f3ra ut\u00e1ni \u00f3ra d\u00edja a k\u00f6vetkez\u0151\u00a0<strong>40 RON<\/strong><\/p><p>A Conacul Secuiesc Panzi\u00f3 fenntartja a jogot, hogy ellen\u0151rizze a vend\u00e9g \u00e1ltal a kijelentkez\u00e9skor megadott szob\u00e1t.<\/p><\/div><\/div><\/div><\/div><\/div><\/section><section class=\"elementor-section elementor-inner-section elementor-element elementor-element-b78bde9 elementor-section-boxed elementor-section-height-default elementor-section-height-default\" data-id=\"b78bde9\" data-element_type=\"section\"><div class=\"elementor-container elementor-column-gap-default\"><div class=\"elementor-column elementor-col-100 elementor-inner-column elementor-element elementor-element-d1e5ac2\" data-id=\"d1e5ac2\" data-element_type=\"column\"><div class=\"elementor-widget-wrap elementor-element-populated\"><div class=\"elementor-element elementor-element-44e4164 elementor-widget elementor-widget-heading\" data-id=\"44e4164\" data-element_type=\"widget\" data-widget_type=\"heading.default\"><div class=\"elementor-widget-container\"><h2 class=\"elementor-heading-title elementor-size-default\">GYERMEKEKRE \u00c9S P\u00d3T\u00c1GYAKRA VONATKOZ\u00d3 POLITIKA<\/h2><\/div><\/div><div class=\"elementor-element elementor-element-6c7545f elementor-widget elementor-widget-text-editor\" data-id=\"6c7545f\" data-element_type=\"widget\" data-widget_type=\"text-editor.default\"><div class=\"elementor-widget-container\"><p>- A 0-6 \u00e9ves kor\u00fa gyermekek ingyenesen sz\u00e1llhatnak meg, ha k\u00e9t fizet\u0151 feln\u0151ttel egy szob\u00e1ban alszanak, \u00e9s ugyanazt az \u00e1gyat vagy kis\u00e1gyat ingyenesen haszn\u00e1lj\u00e1k.<br \/>- 6-14 \u00e9ves gyermekek p\u00f3t\u00e1gyat k\u00e9rhetnek 2 feln\u0151tt fizet\u0151 szob\u00e1ban 50 Ron \/ \u00e9jszak\u00e1\u00e9rt.<br \/>- A 14 \u00e9v feletti gyermekek feln\u0151ttnek sz\u00e1m\u00edtanak, a p\u00f3t\u00e1gy \u00e1ra 100 Ron \/ szoba \/ \u00e9jszaka.<\/p><p>A vend\u00e9gh\u00e1z ingyenesen biztos\u00edt kis\u00e1gyakat a rendelkez\u00e9sre \u00e1ll\u00e1s f\u00fcggv\u00e9ny\u00e9ben.<br \/>A maxim\u00e1lis kapacit\u00e1s egy szob\u00e1ban 1 p\u00f3t\u00e1gy\/kis\u00e1gy.<br \/>B\u00e1rmilyen t\u00edpus\u00fa p\u00f3t\u00e1gy\/kis\u00e1gy ig\u00e9nyl\u00e9se sz\u00fcks\u00e9ges, \u00e9s annak biztos\u00edt\u00e1s\u00e1t a sz\u00e1ll\u00e1shelynek kell meger\u0151s\u00edtenie.<br \/>A sz\u00fcl\u0151k k\u00f6telesek a gyermekek \u00e9letkor\u00e1t szem\u00e9lyazonos\u00edt\u00f3 okm\u00e1nnyal igazolni a bejelentkez\u00e9skor.<\/p><\/div><\/div><\/div><\/div><\/div><\/section><section class=\"elementor-section elementor-inner-section elementor-element elementor-element-c975ffa elementor-section-boxed elementor-section-height-default elementor-section-height-default\" data-id=\"c975ffa\" data-element_type=\"section\"><div class=\"elementor-container elementor-column-gap-default\"><div class=\"elementor-column elementor-col-100 elementor-inner-column elementor-element elementor-element-433a6f4\" data-id=\"433a6f4\" data-element_type=\"column\"><div class=\"elementor-widget-wrap elementor-element-populated\"><div class=\"elementor-element elementor-element-7222f1f elementor-widget elementor-widget-heading\" data-id=\"7222f1f\" data-element_type=\"widget\" data-widget_type=\"heading.default\"><div class=\"elementor-widget-container\"><h2 class=\"elementor-heading-title elementor-size-default\">\u00c9TTEREM \u00c9S B\u00c1R PROGRAM<\/h2><\/div><\/div><div class=\"elementor-element elementor-element-e06315a elementor-widget elementor-widget-text-editor\" data-id=\"e06315a\" data-element_type=\"widget\" data-widget_type=\"text-editor.default\"><div class=\"elementor-widget-container\"><p>A reggelit naponta 08:00 \u00e9s 10:00 \u00f3ra k\u00f6z\u00f6tt szolg\u00e1lj\u00e1k fel. Az \u00e9tterem \u00e9s a b\u00e1r naponta 12:00-21:00 \u00f3ra k\u00f6z\u00f6tt tart nyitva.<\/p><\/div><\/div><\/div><\/div><\/div><\/section><section class=\"elementor-section elementor-inner-section elementor-element elementor-element-0310145 elementor-section-boxed elementor-section-height-default elementor-section-height-default\" data-id=\"0310145\" data-element_type=\"section\"><div class=\"elementor-container elementor-column-gap-default\"><div class=\"elementor-column elementor-col-100 elementor-inner-column elementor-element elementor-element-5db6a12\" data-id=\"5db6a12\" data-element_type=\"column\"><div class=\"elementor-widget-wrap elementor-element-populated\"><div class=\"elementor-element elementor-element-85d73bb elementor-widget elementor-widget-heading\" data-id=\"85d73bb\" data-element_type=\"widget\" data-widget_type=\"heading.default\"><div class=\"elementor-widget-container\"><h2 class=\"elementor-heading-title elementor-size-default\">PARKOL\u00c1S<\/h2><\/div><\/div><div class=\"elementor-element elementor-element-165cd19 elementor-widget elementor-widget-text-editor\" data-id=\"165cd19\" data-element_type=\"widget\" data-widget_type=\"text-editor.default\"><div class=\"elementor-widget-container\"><p>Parkol\u00e1si lehet\u0151s\u00e9g a rendelkez\u00e9sre \u00e1ll\u00e1s f\u00fcggv\u00e9ny\u00e9ben lehets\u00e9ges. A vend\u00e9gh\u00e1z nem foglal parkol\u00f3helyeket \u00e9s nem sz\u00e1m\u00edt fel d\u00edjat. A parkol\u00f3 videofel\u00fcgyelet alatt \u00e1ll.<\/p><\/div><\/div><\/div><\/div><\/div><\/section><section class=\"elementor-section elementor-inner-section elementor-element elementor-element-3b36588 elementor-section-boxed elementor-section-height-default elementor-section-height-default\" data-id=\"3b36588\" data-element_type=\"section\"><div class=\"elementor-container elementor-column-gap-default\"><div class=\"elementor-column elementor-col-100 elementor-inner-column elementor-element elementor-element-bd1b95d\" data-id=\"bd1b95d\" data-element_type=\"column\"><div class=\"elementor-widget-wrap elementor-element-populated\"><div class=\"elementor-element elementor-element-797fb5f elementor-widget elementor-widget-heading\" data-id=\"797fb5f\" data-element_type=\"widget\" data-widget_type=\"heading.default\"><div class=\"elementor-widget-container\"><h2 class=\"elementor-heading-title elementor-size-default\">BIZTONS\u00c1G<\/h2><\/div><\/div><div class=\"elementor-element elementor-element-1e076db elementor-widget elementor-widget-text-editor\" data-id=\"1e076db\" data-element_type=\"widget\" data-widget_type=\"text-editor.default\"><div class=\"elementor-widget-container\"><p>A Vend\u00e9gh\u00e1z nem v\u00e1llal felel\u0151ss\u00e9get a parkol\u00f3ban parkol\u00f3 j\u00e1rm\u0171vekben vagy azokban l\u00e9v\u0151 \u00e1rukban keletkezett k\u00e1rok\u00e9rt. Nem v\u00e1llalunk felel\u0151ss\u00e9get a vend\u00e9gh\u00e1z, a konferenciaterem, az \u00e9tterem \u00e9s a b\u00e1r ter\u00fclet\u00e9n, bele\u00e9rtve a k\u00fcls\u0151 ter\u00fcleteket \u00e9s a teraszt is, felejtett, elveszett vagy v\u00e9lhet\u0151en ellopott t\u00e1rgyak\u00e9rt sem.<\/p><\/div><\/div><\/div><\/div><\/div><\/section><section class=\"elementor-section elementor-inner-section elementor-element elementor-element-9d44ffc elementor-section-boxed elementor-section-height-default elementor-section-height-default\" data-id=\"9d44ffc\" data-element_type=\"section\"><div class=\"elementor-container elementor-column-gap-default\"><div class=\"elementor-column elementor-col-100 elementor-inner-column elementor-element elementor-element-399d198\" data-id=\"399d198\" data-element_type=\"column\"><div class=\"elementor-widget-wrap elementor-element-populated\"><div class=\"elementor-element elementor-element-4da069d elementor-widget elementor-widget-heading\" data-id=\"4da069d\" data-element_type=\"widget\" data-widget_type=\"heading.default\"><div class=\"elementor-widget-container\"><h2 class=\"elementor-heading-title elementor-size-default\">INTERNET<\/h2><\/div><\/div><div class=\"elementor-element elementor-element-8e3479f elementor-widget elementor-widget-text-editor\" data-id=\"8e3479f\" data-element_type=\"widget\" data-widget_type=\"text-editor.default\"><div class=\"elementor-widget-container\"><p>A Conacul Secuiesc panzi\u00f3 ingyenes WIFI-vel v\u00e1rja vend\u00e9geit.<\/p><\/div><\/div><\/div><\/div><\/div><\/section><section class=\"elementor-section elementor-inner-section elementor-element elementor-element-829928e elementor-section-boxed elementor-section-height-default elementor-section-height-default\" data-id=\"829928e\" data-element_type=\"section\"><div class=\"elementor-container elementor-column-gap-default\"><div class=\"elementor-column elementor-col-100 elementor-inner-column elementor-element elementor-element-43caa97\" data-id=\"43caa97\" data-element_type=\"column\"><div class=\"elementor-widget-wrap elementor-element-populated\"><div class=\"elementor-element elementor-element-ef462a5 elementor-widget elementor-widget-heading\" data-id=\"ef462a5\" data-element_type=\"widget\" data-widget_type=\"heading.default\"><div class=\"elementor-widget-container\"><h2 class=\"elementor-heading-title elementor-size-default\">A BELS\u0150 REND SZAB\u00c1LYAI:<\/h2><\/div><\/div><div class=\"elementor-element elementor-element-b93a902 elementor-widget elementor-widget-text-editor\" data-id=\"b93a902\" data-element_type=\"widget\" data-widget_type=\"text-editor.default\"><div class=\"elementor-widget-container\"><p><strong>A vend\u00e9gek ismerik az al\u00e1bbi szab\u00e1lyokat, \u00e9s v\u00e1llalj\u00e1k azok betart\u00e1s\u00e1t:<\/strong><\/p><p>A szem\u00e9lyzeti helyis\u00e9gekbe val\u00f3 bel\u00e9p\u00e9s tilos;<\/p><p>A vend\u00e9gh\u00e1zon k\u00edv\u00fclr\u0151l hozott \u00e9telek \u00e9s italok fogyaszt\u00e1sa szigor\u00faan tilos. Fenntartjuk a jogot, hogy az ilyen \u00e9teleket\/italokat elt\u00e1vol\u00edtsuk a szob\u00e1b\u00f3l!<\/p><p>E szab\u00e1ly be nem tart\u00e1sa a k\u00f6vetkez\u0151kkel b\u00fcntetend\u0151\u00a0<strong><em>150 eur\u00f3\u00a0<\/em><\/strong>\u00a0a fogyaszt\u00f3;<\/p><p>H\u00e1zi\u00e1llatok szigor\u00faan tilosak a sz\u00e1llod\u00e1ban;<\/p><p>A panzi\u00f3ban tilos a doh\u00e1nyz\u00e1s, \u00e9s ennek a szab\u00e1lynak a be nem tart\u00e1sa a k\u00f6vetkez\u0151 p\u00e9nzb\u00edrs\u00e1got vonja maga ut\u00e1n\u00a0<strong><em>150 euro\/nap<\/em><\/strong>a fogyaszt\u00f3;<\/p><p>A vonatkoz\u00f3 hat\u00e1lyos jogszab\u00e1lyoknak megfelel\u0151en (a 15\/2016-os t\u00f6rv\u00e9nnyel m\u00f3dos\u00edtott \u00e9s kieg\u00e9sz\u00edtett 349\/2002-es t\u00f6rv\u00e9ny) a Conacul Secuiesc Vend\u00e9gh\u00e1zban szabadt\u00e9ri doh\u00e1nyz\u00f3helyek vannak.<\/p><p>A kulcsok visszaszolg\u00e1ltat\u00e1s\u00e1nak elmulaszt\u00e1sa, elveszt\u00e9se vagy megrong\u00e1l\u00f3d\u00e1sa k\u00e1rnak min\u0151s\u00fcl, \u00e9s ennek megfelel\u0151en ker\u00fcl felsz\u00e1m\u00edt\u00e1sra; 100 Ron<\/p><p>Tilos olyan t\u00e1rgyakat a WC-be dobni, amelyek a hullad\u00e9kgy\u0171jt\u0151 \u00e1llom\u00e1s megrong\u00e1l\u00e1s\u00e1hoz vezethetnek;<\/p><p>A panzi\u00f3 berendez\u00e9si t\u00e1rgyainak vagy felszerel\u00e9si t\u00e1rgyainak tiszteletben tart\u00e1sa \u00e9s gondoz\u00e1sa, ellenkez\u0151 esetben a s\u00e9r\u00fclt t\u00e1rgy beszerz\u00e9si\/felszerel\u00e9si \u00e9rt\u00e9k\u00e9nek megfelel\u0151 \u00f6sszeg \u00e9s a munkad\u00edj a panzi\u00f3nak j\u00e1r;<\/p><p>Maradjon csendben, hogy ne zavarja a t\u00f6bbi vend\u00e9get;<\/p><p>Ne haszn\u00e1ljon \u00e1gynem\u0171t vagy t\u00f6r\u00f6lk\u00f6z\u0151t: festett haj sz\u00e1r\u00edt\u00e1s\u00e1ra, smink elt\u00e1vol\u00edt\u00e1s\u00e1ra, cip\u0151tiszt\u00edt\u00e1sra. A t\u00f6r\u00f6lk\u00f6z\u0151ket testhaszn\u00e1latra kell haszn\u00e1lni. Ha a t\u00f6r\u00fclk\u00f6z\u0151 vagy az \u00e1gynem\u0171 a turista nem rendeltet\u00e9sszer\u0171 haszn\u00e1lata sor\u00e1n megs\u00e9r\u00fcl, a felel\u0151s turista b\u00fcntet\u00e9st szab ki \u00e9s fizeti ki. Ellenkez\u0151 esetben a vend\u00e9gh\u00e1z fenntartja a jogot, hogy a turista szobafoglal\u00e1s\u00e1t t\u00f6r\u00f6lje, \u00e9s a turist\u00e1t a kifizetett szolg\u00e1ltat\u00e1sok visszat\u00e9r\u00edt\u00e9se n\u00e9lk\u00fcl kiutas\u00edtsa;<\/p><p>Nem l\u00e9phet be az arra felhatalmazott szem\u00e9lyzet enged\u00e9lye n\u00e9lk\u00fcl egy m\u00e1sik helyis\u00e9gbe vagy a csak a szem\u00e9lyzet sz\u00e1m\u00e1ra kijel\u00f6lt ter\u00fcletekre;<\/p><p>A Conacul Secuiesc Panzi\u00f3ban nem tart\u00f3zkod\u00f3, l\u00e1togat\u00f3ba \u00e9rkez\u0151 szem\u00e9lyek t\u00e1j\u00e9koztat\u00e1sa;<\/p><p>A panzi\u00f3ba szigor\u00faan tilos b\u00e1rmilyen fegyvert, fegyvert vagy k\u00f6nnyez\u0151 anyagot bevinni. A rom\u00e1n t\u00f6rv\u00e9nyek \u00e9rtelm\u00e9ben a hallucinog\u00e9n anyagok fogyaszt\u00e1sa vagy forgalmaz\u00e1sa tilos \u00e9s b\u00fcntetend\u0151!<\/p><p>A nudizmus vagy az exhibicionizmus b\u00e1rmilyen form\u00e1ja tilos a helysz\u00ednen;<\/p><p>A panzi\u00f3ba nem hozhat\u00f3k be olyan t\u00e1rgyak\/\u00e1ruk, amelyek tart\u00f3s \u00e9s zavar\u00f3 szagot \u00e1rasztanak;<\/p><\/div><\/div><\/div><\/div><\/div><\/section><section class=\"elementor-section elementor-inner-section elementor-element elementor-element-bf34181 elementor-section-boxed elementor-section-height-default elementor-section-height-default\" data-id=\"bf34181\" data-element_type=\"section\"><div class=\"elementor-container elementor-column-gap-default\"><div class=\"elementor-column elementor-col-100 elementor-inner-column elementor-element elementor-element-d7bdccc\" data-id=\"d7bdccc\" data-element_type=\"column\"><div class=\"elementor-widget-wrap elementor-element-populated\"><div class=\"elementor-element elementor-element-60a6a44 elementor-widget elementor-widget-text-editor\" data-id=\"60a6a44\" data-element_type=\"widget\" data-widget_type=\"text-editor.default\"><div class=\"elementor-widget-container\"><p><strong>A kulcsot csak a recepci\u00f3n adj\u00e1k \u00e1t, miut\u00e1n a recepci\u00f3 szem\u00e9lyzete ellen\u0151rizte a szob\u00e1t.<\/strong><\/p><p>Az eg\u00e9sz l\u00e9tes\u00edtm\u00e9nyt folyamatosan videokamer\u00e1s megfigyel\u00e9s alatt tartj\u00e1k.<\/p><p>A sz\u00fcl\u0151k, gondvisel\u0151k felel\u0151sek a kiskor\u00faak cselekedetei\u00e9rt, \u00e9s k\u00f6telesek r\u00e1juk vigy\u00e1zni, azaz kultur\u00e1ltan viselkedni, \u00e9s nem zavarni a vend\u00e9gh\u00e1z t\u00f6bbi vend\u00e9g\u00e9t.<\/p><p><strong>K\u00e9rj\u00fck, \u00e9rtes\u00edtse a recepci\u00f3 vagy az \u00e9tterem szem\u00e9lyzet\u00e9t b\u00e1rmilyen \u00e9telallergi\u00e1r\u00f3l vagy intoleranci\u00e1r\u00f3l.<\/strong>.<\/p><p><strong>K\u00e9rj\u00fck, jelezze a recepci\u00f3 vagy az \u00e9tterem szem\u00e9lyzet\u00e9nek az esetleges el\u00e9gedetlens\u00e9g\u00e9t, hogy azt a lehet\u0151 leghamarabb orvosolni tudj\u00e1k.<\/strong><\/p><\/div><\/div><\/div><\/div><\/div><\/section><section class=\"elementor-section elementor-inner-section elementor-element elementor-element-a7dc289 elementor-section-boxed elementor-section-height-default elementor-section-height-default\" data-id=\"a7dc289\" data-element_type=\"section\"><div class=\"elementor-container elementor-column-gap-default\"><div class=\"elementor-column elementor-col-100 elementor-inner-column elementor-element elementor-element-b1ab373\" data-id=\"b1ab373\" data-element_type=\"column\"><div class=\"elementor-widget-wrap elementor-element-populated\"><div class=\"elementor-element elementor-element-e6eaafe elementor-widget elementor-widget-heading\" data-id=\"e6eaafe\" data-element_type=\"widget\" data-widget_type=\"heading.default\"><div class=\"elementor-widget-container\"><h2 class=\"elementor-heading-title elementor-size-default\">Vend\u00e9g kiv\u00e1laszt\u00e1sa<\/h2><\/div><\/div><div class=\"elementor-element elementor-element-79c1b05 elementor-widget elementor-widget-text-editor\" data-id=\"79c1b05\" data-element_type=\"widget\" data-widget_type=\"text-editor.default\"><div class=\"elementor-widget-container\"><p>A vend\u00e9g k\u00f6teles betartani a vend\u00e9gh\u00e1z bels\u0151 szab\u00e1lyzat\u00e1t. A vend\u00e9gnek tiszteletben kell tartania mind a vend\u00e9gh\u00e1zban \u00e9s az \u00e9tteremben uralkod\u00f3 nyugalmat \u00e9s csendet, mind a t\u00e1rsadalmi \u00e9s erk\u00f6lcsi viselked\u00e9s szab\u00e1lyait.<\/p><p>A Vend\u00e9gh\u00e1z vend\u00e9gei k\u00f6telesek vigy\u00e1zni a Vend\u00e9gh\u00e1znak a tart\u00f3zkod\u00e1suk alatt haszn\u00e1latban hagyott vagyont\u00e1rgyaira is. A Vend\u00e9gh\u00e1z h\u00e1zirendj\u00e9nek, illetve az erk\u00f6lcsi \u00e9s t\u00e1rsadalmi viselked\u00e9s szab\u00e1lyainak megszeg\u00e9se feljogos\u00edtja a Vend\u00e9gh\u00e1zat a szerz\u0151d\u00e9s\/sz\u00e1ll\u00e1s azonnali hat\u00e1ly\u00fa felmond\u00e1s\u00e1ra.<\/p><p>Fenntartjuk a jogot, hogy megtagadjuk a sz\u00e1ll\u00e1st vagy az \u00e9ttermi kiszolg\u00e1l\u00e1st az olyan vend\u00e9gekt\u0151l, akik ittasak, udvariatlanok vagy rendbont\u00f3k, akik viselked\u00e9s\u00fckkel rontj\u00e1k a vend\u00e9gh\u00e1z im\u00e1zs\u00e1t vagy zavarj\u00e1k a t\u00f6bbi vend\u00e9get. Az esetleges k\u00e1rokoz\u00e1s k\u00f6lts\u00e9gei a felel\u0151s\u00f6ket terhelik.<\/p><p>A fentiekre tekintettel fenntartjuk a jogot a vend\u00e9gek kiv\u00e1laszt\u00e1s\u00e1ra.<\/p><p>Nem t\u0171rj\u00fck el: a civiliz\u00e1latlan vagy agressz\u00edv viselked\u00e9st, obszc\u00e9n fizikai vagy verb\u00e1lis megnyilv\u00e1nul\u00e1sokat, nem megfelel\u0151 hangnemet, s\u00e9rteget\u00e9st, fizikai vagy szexu\u00e1lis zaklat\u00e1st vagy b\u00e1rmely szem\u00e9ly, vend\u00e9g vagy a Vend\u00e9gh\u00e1zban tart\u00f3zkod\u00f3 b\u00e1rmely szem\u00e9ly fizikai vagy ment\u00e1lis b\u00e1ntalmaz\u00e1s\u00e1t.<\/p><p>A Vend\u00e9gh\u00e1z vezet\u0151s\u00e9ge megsz\u00fcntetheti a szolg\u00e1ltat\u00e1sny\u00fajt\u00e1st azon vend\u00e9gek sz\u00e1m\u00e1ra, akik nem tartj\u00e1k be a Vend\u00e9gh\u00e1zi Szab\u00e1lyzatot.<\/p><\/div><\/div><\/div><\/div><\/div><\/section><section class=\"elementor-section elementor-inner-section elementor-element elementor-element-85ac4db elementor-section-boxed elementor-section-height-default elementor-section-height-default\" data-id=\"85ac4db\" data-element_type=\"section\"><div class=\"elementor-container elementor-column-gap-default\"><div class=\"elementor-column elementor-col-100 elementor-inner-column elementor-element elementor-element-b3e7026\" data-id=\"b3e7026\" data-element_type=\"column\"><div class=\"elementor-widget-wrap elementor-element-populated\"><div class=\"elementor-element elementor-element-274e7c2 elementor-widget elementor-widget-heading\" data-id=\"274e7c2\" data-element_type=\"widget\" data-widget_type=\"heading.default\"><div class=\"elementor-widget-container\"><h2 class=\"elementor-heading-title elementor-size-default\">K\u00f6rnyezetv\u00e9delmi politika<\/h2><\/div><\/div><div class=\"elementor-element elementor-element-e904e2f elementor-widget elementor-widget-text-editor\" data-id=\"e904e2f\" data-element_type=\"widget\" data-widget_type=\"text-editor.default\"><div class=\"elementor-widget-container\"><p>A k\u00f6rnyezet v\u00e9delme \u00e1lland\u00f3an fontos sz\u00e1munkra, ez\u00e9rt t\u00e1mogatjuk az ezzel kapcsolatos felel\u0151ss\u00e9gteljes hozz\u00e1\u00e1ll\u00e1st.<\/p><p>Az \u00e1gynem\u0171k, t\u00f6r\u00f6lk\u00f6z\u0151k, asztalter\u00edt\u0151k \u00e9s k\u00f6penyek mos\u00e1s\u00e1hoz \u00e9s t\u00f6rl\u00e9s\u00e9hez haszn\u00e1lt mos\u00f3szerek biol\u00f3giailag leboml\u00f3ak, \u00e9s a megtakar\u00edt\u00e1suk jobb k\u00f6rnyezetk\u00edm\u00e9l\u00e9st jelent.<\/p><p>Az \u00e1gynem\u0171t 3 naponta, a t\u00f6r\u00f6lk\u00f6z\u0151ket 2 naponta vagy k\u00e9r\u00e9sre cser\u00e9lik. Az \u00e1gynem\u0171- \u00e9s t\u00f6r\u00f6lk\u00f6z\u0151csere ir\u00e1nti ig\u00e9ny\u00e9t a f\u00f6ld\u00f6n hagyva jelezze a vend\u00e9gh\u00e1z recepci\u00f3j\u00e1n.<\/p><\/div><\/div><\/div><\/div><\/div><\/section><section class=\"elementor-section elementor-inner-section elementor-element elementor-element-c0e297d elementor-section-boxed elementor-section-height-default elementor-section-height-default\" data-id=\"c0e297d\" data-element_type=\"section\"><div class=\"elementor-container elementor-column-gap-default\"><div class=\"elementor-column elementor-col-100 elementor-inner-column elementor-element elementor-element-275c624\" data-id=\"275c624\" data-element_type=\"column\"><div class=\"elementor-widget-wrap elementor-element-populated\"><div class=\"elementor-element elementor-element-86d90cc elementor-widget elementor-widget-heading\" data-id=\"86d90cc\" data-element_type=\"widget\" data-widget_type=\"heading.default\"><div class=\"elementor-widget-container\"><h2 class=\"elementor-heading-title elementor-size-default\">Jogvit\u00e1k \u00e9s panaszok<\/h2><\/div><\/div><div class=\"elementor-element elementor-element-2d4b511 elementor-widget elementor-widget-text-editor\" data-id=\"2d4b511\" data-element_type=\"widget\" data-widget_type=\"text-editor.default\"><div class=\"elementor-widget-container\"><p>A vend\u00e9gh\u00e1z k\u00f6teles a vend\u00e9gekt\u0151l \u00e9rkez\u0151 panaszokat a panasz megfogalmaz\u00e1s\u00e1t\u00f3l kezdve hat\u00e9kony id\u0151n bel\u00fcl megoldani.<\/p><p>B\u00e1rmilyen vita, vita vagy panasz, amely a jelen felt\u00e9telek alkalmaz\u00e1s\u00e1b\u00f3l eredhet, igyeksz\u00fcnk b\u00e9k\u00e9s \u00faton megoldani. Amennyiben ez nem lehets\u00e9ges, az Alba Iulia (vagy Aiud) b\u00edr\u00f3s\u00e1gainak joghat\u00f3s\u00e1ga al\u00e1 tartozik.<\/p><\/div><\/div><\/div><\/div><\/div><\/section><section class=\"elementor-section elementor-inner-section elementor-element elementor-element-87a9898 elementor-section-boxed elementor-section-height-default elementor-section-height-default\" data-id=\"87a9898\" data-element_type=\"section\"><div class=\"elementor-container elementor-column-gap-default\"><div class=\"elementor-column elementor-col-100 elementor-inner-column elementor-element elementor-element-c3c10c5\" data-id=\"c3c10c5\" data-element_type=\"column\"><div class=\"elementor-widget-wrap elementor-element-populated\"><div class=\"elementor-element elementor-element-5853b83 elementor-widget elementor-widget-heading\" data-id=\"5853b83\" data-element_type=\"widget\" data-widget_type=\"heading.default\"><div class=\"elementor-widget-container\"><h2 class=\"elementor-heading-title elementor-size-default\">Z\u00e1r\u00f3 z\u00e1rad\u00e9kok<\/h2><\/div><\/div><div class=\"elementor-element elementor-element-197d8d0 elementor-widget elementor-widget-text-editor\" data-id=\"197d8d0\" data-element_type=\"widget\" data-widget_type=\"text-editor.default\"><div class=\"elementor-widget-container\"><p>\u00dagy gondoljuk, hogy minden vend\u00e9g\u00fcnknek, amikor a Conacul Secuiesc Panzi\u00f3 \u00e1ltal k\u00edn\u00e1lt b\u00e1rmely szolg\u00e1ltat\u00e1shoz hozz\u00e1f\u00e9r, val\u00f3di lehet\u0151s\u00e9ge van arra, hogy t\u00e1j\u00e9koz\u00f3djon, \u00e9s k\u00f6vetkez\u00e9sk\u00e9ppen elmondhat\u00f3, hogy megismerte \u00e9s elfogadta a fent eml\u00edtett felt\u00e9teleket.<\/p><\/div><\/div><\/div><\/div><\/div><\/section><section class=\"elementor-section elementor-inner-section elementor-element elementor-element-fa66392 elementor-section-boxed elementor-section-height-default elementor-section-height-default\" data-id=\"fa66392\" data-element_type=\"section\"><div class=\"elementor-container elementor-column-gap-default\"><div class=\"elementor-column elementor-col-100 elementor-inner-column elementor-element elementor-element-a9ce3c4\" data-id=\"a9ce3c4\" data-element_type=\"column\"><div class=\"elementor-widget-wrap elementor-element-populated\"><div class=\"elementor-element elementor-element-ae2c2e3 elementor-widget elementor-widget-heading\" data-id=\"ae2c2e3\" data-element_type=\"widget\" data-widget_type=\"heading.default\"><div class=\"elementor-widget-container\"><h2 class=\"elementor-heading-title elementor-size-default\">A felt\u00e9telek v\u00e1ltoz\u00e1sai<\/h2><\/div><\/div><div class=\"elementor-element elementor-element-41fe11e elementor-widget elementor-widget-text-editor\" data-id=\"41fe11e\" data-element_type=\"widget\" data-widget_type=\"text-editor.default\"><div class=\"elementor-widget-container\"><p>A Conacul Sz\u00e9kely Panzi\u00f3 b\u00e1rmikor, el\u0151zetes \u00e9rtes\u00edt\u00e9s n\u00e9lk\u00fcl megv\u00e1ltoztathatja a felt\u00e9teleket.<\/p><\/div><\/div><\/div><\/div><\/div><\/section><section class=\"elementor-section elementor-inner-section elementor-element elementor-element-6ca2fd1 elementor-section-boxed elementor-section-height-default elementor-section-height-default\" data-id=\"6ca2fd1\" data-element_type=\"section\"><div class=\"elementor-container elementor-column-gap-default\"><div class=\"elementor-column elementor-col-100 elementor-inner-column elementor-element elementor-element-c07cf61\" data-id=\"c07cf61\" data-element_type=\"column\"><div class=\"elementor-widget-wrap elementor-element-populated\"><div class=\"elementor-element elementor-element-570ca5f elementor-widget elementor-widget-heading\" data-id=\"570ca5f\" data-element_type=\"widget\" data-widget_type=\"heading.default\"><div class=\"elementor-widget-container\"><h2 class=\"elementor-heading-title elementor-size-default\">K\u00f6sz\u00f6nj\u00fck meg\u00e9rt\u00e9s\u00e9t, \u00e9s kellemes id\u0151t\u00f6lt\u00e9st k\u00edv\u00e1nunk.<\/h2><\/div><\/div><div class=\"elementor-element elementor-element-2d8fbf7 elementor-widget elementor-widget-text-editor\" data-id=\"2d8fbf7\" data-element_type=\"widget\" data-widget_type=\"text-editor.default\"><div class=\"elementor-widget-container\"><p><strong>Menedzsment, Conacul Secuiesc nyugd\u00edj.<\/strong><\/p><\/div><\/div><\/div><\/div><\/div><\/section><\/div><\/div><\/div><\/div><\/div><\/section>\t\t\t\t\t\t\t\t<\/div>\n\t\t\t\t<\/div>\n\t\t\t\t<\/div>\n\t\t\t\t\t<\/div>\n\t\t\t\t<\/div>\n\t\t\t\t<\/div>","protected":false},"excerpt":{"rendered":"<p>Kedves Vend\u00e9geink, A www.conaculsecuiesc.ro weboldal a CONACUL SECUIESC RURAL SRL c\u00e9g haszn\u00e1lat\u00e1ban van, sz\u00e9khelye Com. Rimetea, Col\u021be\u0219ti, Nr.105\/a, a c\u00e9gjegyz\u00e9kben szerepl\u0151 sorsz\u00e1m: J01\/657\/2022 , egyedi nyilv\u00e1ntart\u00e1si k\u00f3d: RO46238184, a tov\u00e1bbiakban a honlap tulajdonosa vagy a t\u00e1rsas\u00e1g. Szeretn\u00e9nk felejthetetlen \u00e9lm\u00e9nyt ny\u00fajtani \u00d6nnek a Conacul panzi\u00f3ban ...<\/p>","protected":false},"author":1,"featured_media":0,"parent":0,"menu_order":0,"comment_status":"closed","ping_status":"closed","template":"template-wide-content.php","meta":{"cozystay_single_page_hide_site_header":"","cozystay_single_page_site_header_source":"","cozystay_single_page_custom_site_header":"0","cozystay_single_page_custom_sticky_site_header":"0","cozystay_single_page_hide_page_title":"","cozystay_single_page_header_section_size":"","cozystay_single_page_header_background_color":"","cozystay_single_page_header_background_position_x":"center","cozystay_single_page_header_background_position_y":"center","cozystay_single_page_header_background_size":"cover","cozystay_single_page_header_background_repeat":"off","cozystay_single_page_header_background_scroll":"on","cozystay_single_page_header_text_color":"","cozystay_single_page_header_show_breadcrumb":"","cozystay_single_page_site_footer_hide_main":"","cozystay_single_custom_site_footer_main_source":"","cozystay_single_custom_site_footer_main":"0","cozystay_single_page_site_footer_hide_above":"","cozystay_single_custom_site_footer_above_source":"","cozystay_single_custom_site_footer_above":"0","cozystay_single_page_site_footer_hide_instagram":"","cozystay_single_page_site_footer_hide_bottom":"","cozystay_single_custom_mobile_menu_source":"","cozystay_single_custom_mobile_menu":"0","cozystay_single_custom_mobile_menu_animation":"","cozystay_single_custom_mobile_menu_width":"","cozystay_single_custom_mobile_menu_custom_width":375,"footnotes":""},"class_list":["post-3536","page","type-page","status-publish","hentry"],"yoast_head":"<!-- This site is optimized with the Yoast SEO plugin v27.4 - https:\/\/yoast.com\/product\/yoast-seo-wordpress\/ -->\n<title>Termeni \u0219i condi\u021bii - Conacul Secuiesc - Sz\u00e9kelyk\u0151\u00a0K\u00faria<\/title>\n<meta name=\"robots\" content=\"index, follow, max-snippet:-1, max-image-preview:large, max-video-preview:-1\" \/>\n<link rel=\"canonical\" href=\"https:\/\/conaculsecuiesc.ro\/hu\/termeni-si-conditii\/\" \/>\n<meta property=\"og:locale\" content=\"hu_HU\" \/>\n<meta property=\"og:type\" content=\"article\" \/>\n<meta property=\"og:title\" content=\"Termeni \u0219i condi\u021bii - Conacul Secuiesc - Sz\u00e9kelyk\u0151\u00a0K\u00faria\" \/>\n<meta property=\"og:description\" content=\"Stima\u021bi oaspe\u021bi, Site-ul\u00a0www.conaculsecuiesc.ro\u00a0se afl\u0103 \u00een folosin\u021ba Societ\u0103\u021bii CONACUL SECUIESC RURAL SRL, cu sediul \u00een Com. Rimetea, Col\u021be\u0219ti, Nr.105\/a, num\u0103r de ordine \u00een registrul comer\u0163ului J01\/657\/2022 , cod unic de \u00eenregistrare RO46238184, societate denumit\u0103 \u00een cele de urmeaz\u0103, \u00een mod generic de\u021bin\u0103torul site-ului sau compania. Dorim s\u0103 v\u0103 oferim o experien\u021b\u0103 de neuitat la Pensiunea Conacul ...\" \/>\n<meta property=\"og:url\" content=\"https:\/\/conaculsecuiesc.ro\/hu\/termeni-si-conditii\/\" \/>\n<meta property=\"og:site_name\" content=\"Conacul Secuiesc - Sz\u00e9kelyk\u0151\u00a0K\u00faria\" \/>\n<meta property=\"article:publisher\" content=\"https:\/\/www.facebook.com\/conaculsecuiesc\" \/>\n<meta property=\"article:modified_time\" content=\"2026-02-17T19:19:18+00:00\" \/>\n<meta name=\"twitter:card\" content=\"summary_large_image\" \/>\n<meta name=\"twitter:label1\" content=\"Becs\u00fclt olvas\u00e1si id\u0151\" \/>\n\t<meta name=\"twitter:data1\" content=\"25 perc\" \/>\n<script type=\"application\/ld+json\" class=\"yoast-schema-graph\">{\"@context\":\"https:\\\/\\\/schema.org\",\"@graph\":[{\"@type\":\"NewsArticle\",\"@id\":\"https:\\\/\\\/conaculsecuiesc.ro\\\/termeni-si-conditii\\\/#article\",\"isPartOf\":{\"@id\":\"https:\\\/\\\/conaculsecuiesc.ro\\\/termeni-si-conditii\\\/\"},\"author\":{\"name\":\"Conacul Secuiesc - Sz\u00e9kelyk\u0151 K\u00faria\",\"@id\":\"https:\\\/\\\/conaculsecuiesc.ro\\\/#\\\/schema\\\/person\\\/33d3f760e6ceb80fcd51a14a29b95a25\"},\"headline\":\"Termeni \u0219i condi\u021bii\",\"datePublished\":\"2024-11-09T12:48:34+00:00\",\"dateModified\":\"2026-02-17T19:19:18+00:00\",\"mainEntityOfPage\":{\"@id\":\"https:\\\/\\\/conaculsecuiesc.ro\\\/termeni-si-conditii\\\/\"},\"wordCount\":2052,\"publisher\":{\"@id\":\"https:\\\/\\\/conaculsecuiesc.ro\\\/#organization\"},\"inLanguage\":\"hu\"},{\"@type\":\"WebPage\",\"@id\":\"https:\\\/\\\/conaculsecuiesc.ro\\\/termeni-si-conditii\\\/\",\"url\":\"https:\\\/\\\/conaculsecuiesc.ro\\\/termeni-si-conditii\\\/\",\"name\":\"Termeni \u0219i condi\u021bii - Conacul Secuiesc - Sz\u00e9kelyk\u0151\u00a0K\u00faria\",\"isPartOf\":{\"@id\":\"https:\\\/\\\/conaculsecuiesc.ro\\\/#website\"},\"datePublished\":\"2024-11-09T12:48:34+00:00\",\"dateModified\":\"2026-02-17T19:19:18+00:00\",\"breadcrumb\":{\"@id\":\"https:\\\/\\\/conaculsecuiesc.ro\\\/termeni-si-conditii\\\/#breadcrumb\"},\"inLanguage\":\"hu\",\"potentialAction\":[{\"@type\":\"ReadAction\",\"target\":[\"https:\\\/\\\/conaculsecuiesc.ro\\\/termeni-si-conditii\\\/\"]}]},{\"@type\":\"BreadcrumbList\",\"@id\":\"https:\\\/\\\/conaculsecuiesc.ro\\\/termeni-si-conditii\\\/#breadcrumb\",\"itemListElement\":[{\"@type\":\"ListItem\",\"position\":1,\"name\":\"Home\",\"item\":\"https:\\\/\\\/conaculsecuiesc.ro\\\/\"},{\"@type\":\"ListItem\",\"position\":2,\"name\":\"Termeni \u0219i condi\u021bii\"}]},{\"@type\":\"WebSite\",\"@id\":\"https:\\\/\\\/conaculsecuiesc.ro\\\/#website\",\"url\":\"https:\\\/\\\/conaculsecuiesc.ro\\\/\",\"name\":\"Conacul Secuiesc - Sz\u00e9kelyk\u0151\u00a0K\u00faria\",\"description\":\"Conacul Secuiesc - Sz\u00e9kelyk\u0151\u00a0K\u00faria Alba Iulia\",\"publisher\":{\"@id\":\"https:\\\/\\\/conaculsecuiesc.ro\\\/#organization\"},\"potentialAction\":[{\"@type\":\"SearchAction\",\"target\":{\"@type\":\"EntryPoint\",\"urlTemplate\":\"https:\\\/\\\/conaculsecuiesc.ro\\\/?s={search_term_string}\"},\"query-input\":{\"@type\":\"PropertyValueSpecification\",\"valueRequired\":true,\"valueName\":\"search_term_string\"}}],\"inLanguage\":\"hu\"},{\"@type\":\"Organization\",\"@id\":\"https:\\\/\\\/conaculsecuiesc.ro\\\/#organization\",\"name\":\"Conacul Secuiesc - Sz\u00e9kelyk\u0151\u00a0K\u00faria\",\"url\":\"https:\\\/\\\/conaculsecuiesc.ro\\\/\",\"logo\":{\"@type\":\"ImageObject\",\"inLanguage\":\"hu\",\"@id\":\"https:\\\/\\\/conaculsecuiesc.ro\\\/#\\\/schema\\\/logo\\\/image\\\/\",\"url\":\"https:\\\/\\\/conaculsecuiesc.ro\\\/wp-content\\\/uploads\\\/2024\\\/10\\\/logo-conacul-secuiesc_3aq.webp\",\"contentUrl\":\"https:\\\/\\\/conaculsecuiesc.ro\\\/wp-content\\\/uploads\\\/2024\\\/10\\\/logo-conacul-secuiesc_3aq.webp\",\"width\":200,\"height\":217,\"caption\":\"Conacul Secuiesc - Sz\u00e9kelyk\u0151\u00a0K\u00faria\"},\"image\":{\"@id\":\"https:\\\/\\\/conaculsecuiesc.ro\\\/#\\\/schema\\\/logo\\\/image\\\/\"},\"sameAs\":[\"https:\\\/\\\/www.facebook.com\\\/conaculsecuiesc\",\"https:\\\/\\\/www.instagram.com\\\/conaculsecuiesc\\\/\"]},{\"@type\":\"Person\",\"@id\":\"https:\\\/\\\/conaculsecuiesc.ro\\\/#\\\/schema\\\/person\\\/33d3f760e6ceb80fcd51a14a29b95a25\",\"name\":\"Conacul Secuiesc - Sz\u00e9kelyk\u0151 K\u00faria\",\"image\":{\"@type\":\"ImageObject\",\"inLanguage\":\"hu\",\"@id\":\"https:\\\/\\\/secure.gravatar.com\\\/avatar\\\/1637f6e6a1294dee7033bc9e9e7960cdfc258a62ac8ce0a157d6a23ad9dfa23f?s=96&d=mm&r=g\",\"url\":\"https:\\\/\\\/secure.gravatar.com\\\/avatar\\\/1637f6e6a1294dee7033bc9e9e7960cdfc258a62ac8ce0a157d6a23ad9dfa23f?s=96&d=mm&r=g\",\"contentUrl\":\"https:\\\/\\\/secure.gravatar.com\\\/avatar\\\/1637f6e6a1294dee7033bc9e9e7960cdfc258a62ac8ce0a157d6a23ad9dfa23f?s=96&d=mm&r=g\",\"caption\":\"Conacul Secuiesc - Sz\u00e9kelyk\u0151 K\u00faria\"},\"sameAs\":[\"https:\\\/\\\/testing.conaculsecuiesc.ro\"],\"url\":\"https:\\\/\\\/conaculsecuiesc.ro\\\/hu\\\/author\\\/admin\\\/\"}]}<\/script>\n<!-- \/ Yoast SEO plugin. -->","yoast_head_json":{"title":"\u00c1ltal\u00e1nos Szerz\u0151d\u00e9si Felt\u00e9telek - Sz\u00e9kelyudvarhely - Sz\u00e9kelyk\u0151 K\u00faria","robots":{"index":"index","follow":"follow","max-snippet":"max-snippet:-1","max-image-preview":"max-image-preview:large","max-video-preview":"max-video-preview:-1"},"canonical":"https:\/\/conaculsecuiesc.ro\/hu\/termeni-si-conditii\/","og_locale":"hu_HU","og_type":"article","og_title":"Termeni \u0219i condi\u021bii - Conacul Secuiesc - Sz\u00e9kelyk\u0151\u00a0K\u00faria","og_description":"Stima\u021bi oaspe\u021bi, Site-ul\u00a0www.conaculsecuiesc.ro\u00a0se afl\u0103 \u00een folosin\u021ba Societ\u0103\u021bii CONACUL SECUIESC RURAL SRL, cu sediul \u00een Com. Rimetea, Col\u021be\u0219ti, Nr.105\/a, num\u0103r de ordine \u00een registrul comer\u0163ului J01\/657\/2022 , cod unic de \u00eenregistrare RO46238184, societate denumit\u0103 \u00een cele de urmeaz\u0103, \u00een mod generic de\u021bin\u0103torul site-ului sau compania. Dorim s\u0103 v\u0103 oferim o experien\u021b\u0103 de neuitat la Pensiunea Conacul ...","og_url":"https:\/\/conaculsecuiesc.ro\/hu\/termeni-si-conditii\/","og_site_name":"Conacul Secuiesc - Sz\u00e9kelyk\u0151\u00a0K\u00faria","article_publisher":"https:\/\/www.facebook.com\/conaculsecuiesc","article_modified_time":"2026-02-17T19:19:18+00:00","twitter_card":"summary_large_image","twitter_misc":{"Becs\u00fclt olvas\u00e1si id\u0151":"25 perc"},"schema":{"@context":"https:\/\/schema.org","@graph":[{"@type":"NewsArticle","@id":"https:\/\/conaculsecuiesc.ro\/termeni-si-conditii\/#article","isPartOf":{"@id":"https:\/\/conaculsecuiesc.ro\/termeni-si-conditii\/"},"author":{"name":"Conacul Secuiesc - Sz\u00e9kelyk\u0151 K\u00faria","@id":"https:\/\/conaculsecuiesc.ro\/#\/schema\/person\/33d3f760e6ceb80fcd51a14a29b95a25"},"headline":"Termeni \u0219i condi\u021bii","datePublished":"2024-11-09T12:48:34+00:00","dateModified":"2026-02-17T19:19:18+00:00","mainEntityOfPage":{"@id":"https:\/\/conaculsecuiesc.ro\/termeni-si-conditii\/"},"wordCount":2052,"publisher":{"@id":"https:\/\/conaculsecuiesc.ro\/#organization"},"inLanguage":"hu"},{"@type":"WebPage","@id":"https:\/\/conaculsecuiesc.ro\/termeni-si-conditii\/","url":"https:\/\/conaculsecuiesc.ro\/termeni-si-conditii\/","name":"\u00c1ltal\u00e1nos Szerz\u0151d\u00e9si Felt\u00e9telek - Sz\u00e9kelyudvarhely - Sz\u00e9kelyk\u0151 K\u00faria","isPartOf":{"@id":"https:\/\/conaculsecuiesc.ro\/#website"},"datePublished":"2024-11-09T12:48:34+00:00","dateModified":"2026-02-17T19:19:18+00:00","breadcrumb":{"@id":"https:\/\/conaculsecuiesc.ro\/termeni-si-conditii\/#breadcrumb"},"inLanguage":"hu","potentialAction":[{"@type":"ReadAction","target":["https:\/\/conaculsecuiesc.ro\/termeni-si-conditii\/"]}]},{"@type":"BreadcrumbList","@id":"https:\/\/conaculsecuiesc.ro\/termeni-si-conditii\/#breadcrumb","itemListElement":[{"@type":"ListItem","position":1,"name":"Home","item":"https:\/\/conaculsecuiesc.ro\/"},{"@type":"ListItem","position":2,"name":"Termeni \u0219i condi\u021bii"}]},{"@type":"WebSite","@id":"https:\/\/conaculsecuiesc.ro\/#website","url":"https:\/\/conaculsecuiesc.ro\/","name":"Sz\u00e9kelyudvarhely - Sz\u00e9kelyk\u0151 K\u00faria","description":"Sz\u00e9kelyudvarhely - Sz\u00e9kelyk\u0151 K\u00faria Alba Iulia","publisher":{"@id":"https:\/\/conaculsecuiesc.ro\/#organization"},"potentialAction":[{"@type":"SearchAction","target":{"@type":"EntryPoint","urlTemplate":"https:\/\/conaculsecuiesc.ro\/?s={search_term_string}"},"query-input":{"@type":"PropertyValueSpecification","valueRequired":true,"valueName":"search_term_string"}}],"inLanguage":"hu"},{"@type":"Organization","@id":"https:\/\/conaculsecuiesc.ro\/#organization","name":"Sz\u00e9kelyudvarhely - Sz\u00e9kelyk\u0151 K\u00faria","url":"https:\/\/conaculsecuiesc.ro\/","logo":{"@type":"ImageObject","inLanguage":"hu","@id":"https:\/\/conaculsecuiesc.ro\/#\/schema\/logo\/image\/","url":"https:\/\/conaculsecuiesc.ro\/wp-content\/uploads\/2024\/10\/logo-conacul-secuiesc_3aq.webp","contentUrl":"https:\/\/conaculsecuiesc.ro\/wp-content\/uploads\/2024\/10\/logo-conacul-secuiesc_3aq.webp","width":200,"height":217,"caption":"Conacul Secuiesc - Sz\u00e9kelyk\u0151\u00a0K\u00faria"},"image":{"@id":"https:\/\/conaculsecuiesc.ro\/#\/schema\/logo\/image\/"},"sameAs":["https:\/\/www.facebook.com\/conaculsecuiesc","https:\/\/www.instagram.com\/conaculsecuiesc\/"]},{"@type":"Person","@id":"https:\/\/conaculsecuiesc.ro\/#\/schema\/person\/33d3f760e6ceb80fcd51a14a29b95a25","name":"Sz\u00e9kelyudvarhely - Sz\u00e9kelyk\u0151 K\u00faria","image":{"@type":"ImageObject","inLanguage":"hu","@id":"https:\/\/secure.gravatar.com\/avatar\/1637f6e6a1294dee7033bc9e9e7960cdfc258a62ac8ce0a157d6a23ad9dfa23f?s=96&d=mm&r=g","url":"https:\/\/secure.gravatar.com\/avatar\/1637f6e6a1294dee7033bc9e9e7960cdfc258a62ac8ce0a157d6a23ad9dfa23f?s=96&d=mm&r=g","contentUrl":"https:\/\/secure.gravatar.com\/avatar\/1637f6e6a1294dee7033bc9e9e7960cdfc258a62ac8ce0a157d6a23ad9dfa23f?s=96&d=mm&r=g","caption":"Conacul Secuiesc - Sz\u00e9kelyk\u0151 K\u00faria"},"sameAs":["https:\/\/testing.conaculsecuiesc.ro"],"url":"https:\/\/conaculsecuiesc.ro\/hu\/author\/admin\/"}]}},"_links":{"self":[{"href":"https:\/\/conaculsecuiesc.ro\/hu\/wp-json\/wp\/v2\/pages\/3536","targetHints":{"allow":["GET"]}}],"collection":[{"href":"https:\/\/conaculsecuiesc.ro\/hu\/wp-json\/wp\/v2\/pages"}],"about":[{"href":"https:\/\/conaculsecuiesc.ro\/hu\/wp-json\/wp\/v2\/types\/page"}],"author":[{"embeddable":true,"href":"https:\/\/conaculsecuiesc.ro\/hu\/wp-json\/wp\/v2\/users\/1"}],"replies":[{"embeddable":true,"href":"https:\/\/conaculsecuiesc.ro\/hu\/wp-json\/wp\/v2\/comments?post=3536"}],"version-history":[{"count":4,"href":"https:\/\/conaculsecuiesc.ro\/hu\/wp-json\/wp\/v2\/pages\/3536\/revisions"}],"predecessor-version":[{"id":10019,"href":"https:\/\/conaculsecuiesc.ro\/hu\/wp-json\/wp\/v2\/pages\/3536\/revisions\/10019"}],"wp:attachment":[{"href":"https:\/\/conaculsecuiesc.ro\/hu\/wp-json\/wp\/v2\/media?parent=3536"}],"curies":[{"name":"wp","href":"https:\/\/api.w.org\/{rel}","templated":true}]}}